{"id":64,"date":"2020-09-16T17:07:26","date_gmt":"2020-09-16T17:07:26","guid":{"rendered":"http:\/\/uccbarcelosnorte.online\/?page_id=64"},"modified":"2024-11-30T17:02:19","modified_gmt":"2024-11-30T17:02:19","slug":"valores","status":"publish","type":"page","link":"https:\/\/uccbarcelosnorte.online\/index.php\/valores\/","title":{"rendered":"Valores"},"content":{"rendered":"\n<p><strong>Miss\u00e3o<br><\/strong>A Unidade de Cuidados na Comunidade Barcelos Norte tem como miss\u00e3o contribuir para a melhoria do estado de sa\u00fade da popula\u00e7\u00e3o da sua \u00e1rea geogr\u00e1fica de interven\u00e7\u00e3o, visando a obten\u00e7\u00e3o de ganhos em sa\u00fade e concorrendo assim, de um modo direto, para o cumprimento da miss\u00e3o da Unidade Local de Sa\u00fade de Barcelos\/Esposende em que se integra.<\/p>\n\n\n\n<p><strong>Vis\u00e3o<\/strong><br>A Unidade de Cuidados na Comunidade Barcelos Norte pretende ser reconhecida como uma organiza\u00e7\u00e3o de excel\u00eancia que assume a sa\u00fade da popula\u00e7\u00e3o da sua \u00e1rea geogr\u00e1fica como o seu principal compromisso.<\/p>\n\n\n\n<p><strong>Valores<\/strong><br>Como valores fundamentais a preservar e a promover, elege de entre outros:<\/p>\n\n\n\n<ul class=\"wp-block-list\">\n<li>O respeito pela individualidade do utente e da equipa multiprofissional;<\/li>\n\n\n\n<li>O compromisso, a disponibilidade e a dedica\u00e7\u00e3o na satisfa\u00e7\u00e3o das necessidades em Sa\u00fade da Popula\u00e7\u00e3o abrangida garantindo a acessibilidade e proximidade dos Cuidados de Sa\u00fade;<\/li>\n\n\n\n<li>A salvaguarda dos Direitos da Pessoa e a promo\u00e7\u00e3o da sua Autonomia atrav\u00e9s do reconhecimento de que a sa\u00fade individual \u00e9 da responsabilidade do utente e que este \u00e9 respons\u00e1vel pelo seu projeto de sa\u00fade;<\/li>\n\n\n\n<li>A organiza\u00e7\u00e3o do servi\u00e7o em fun\u00e7\u00e3o das necessidades dos utentes, assegurando a continuidade e a qualidade dos cuidados, orientando estes para outros profissionais de sa\u00fade, sempre que o pedido ultrapasse a compet\u00eancia dos profissionais;<\/li>\n\n\n\n<li>A coopera\u00e7\u00e3o e articula\u00e7\u00e3o com as outras unidades funcionais;<\/li>\n\n\n\n<li>O incentivo de parcerias com as estruturas da comunidade local promovendo a responsabilidade Social;<\/li>\n\n\n\n<li>Promo\u00e7\u00e3o da solidariedade, partilha, transpar\u00eancia, equidade, e trabalho de equipa.<\/li>\n<\/ul>\n\n\n\n<p><\/p>\n","protected":false},"excerpt":{"rendered":"<p>Miss\u00e3oA Unidade de Cuidados na Comunidade Barcelos Norte tem como miss\u00e3o contribuir para a melhoria do estado de sa\u00fade da popula\u00e7\u00e3o da sua \u00e1rea geogr\u00e1fica de interven\u00e7\u00e3o, visando a obten\u00e7\u00e3o de ganhos em sa\u00fade e concorrendo assim, de um modo direto, para o cumprimento da miss\u00e3o da Unidade Local de Sa\u00fade de Barcelos\/Esposende em que [&hellip;]<\/p>\n","protected":false},"author":3,"featured_media":0,"parent":0,"menu_order":0,"comment_status":"closed","ping_status":"closed","template":"","meta":{"footnotes":""},"class_list":["post-64","page","type-page","status-publish","hentry"],"_links":{"self":[{"href":"https:\/\/uccbarcelosnorte.online\/index.php\/wp-json\/wp\/v2\/pages\/64","targetHints":{"allow":["GET"]}}],"collection":[{"href":"https:\/\/uccbarcelosnorte.online\/index.php\/wp-json\/wp\/v2\/pages"}],"about":[{"href":"https:\/\/uccbarcelosnorte.online\/index.php\/wp-json\/wp\/v2\/types\/page"}],"author":[{"embeddable":true,"href":"https:\/\/uccbarcelosnorte.online\/index.php\/wp-json\/wp\/v2\/users\/3"}],"replies":[{"embeddable":true,"href":"https:\/\/uccbarcelosnorte.online\/index.php\/wp-json\/wp\/v2\/comments?post=64"}],"version-history":[{"count":4,"href":"https:\/\/uccbarcelosnorte.online\/index.php\/wp-json\/wp\/v2\/pages\/64\/revisions"}],"predecessor-version":[{"id":175,"href":"https:\/\/uccbarcelosnorte.online\/index.php\/wp-json\/wp\/v2\/pages\/64\/revisions\/175"}],"wp:attachment":[{"href":"https:\/\/uccbarcelosnorte.online\/index.php\/wp-json\/wp\/v2\/media?parent=64"}],"curies":[{"name":"wp","href":"https:\/\/api.w.org\/{rel}","templated":true}]}}